{"id":15,"date":"2011-12-14T11:00:54","date_gmt":"2011-12-14T10:00:54","guid":{"rendered":"http:\/\/francoiserenaud.com\/vo\/?page_id=15"},"modified":"2018-01-31T11:46:10","modified_gmt":"2018-01-31T10:46:10","slug":"nos-ateliers-tout-public","status":"publish","type":"page","link":"https:\/\/francoiserenaud.com\/vo\/nos-ateliers-tout-public\/","title":{"rendered":"nos ateliers tout public"},"content":{"rendered":"<p style=\"padding-left: 60px;\"><strong><em>DISCIPLINES<\/em> :<\/strong><\/p>\n<p style=\"padding-left: 90px;\"><strong>le texte et la musique<\/strong><\/p>\n<p style=\"padding-left: 60px;\"><strong><em>CHAMPS D&rsquo;EXPLORATION<\/em> :<\/strong><\/p>\n<p style=\"padding-left: 90px;\"><strong>&#8211; l&rsquo;\u00e9criture<br \/>\n&#8211; la composition<br \/>\n&#8211; la lecture<br \/>\n&#8211; l&rsquo;interpr\u00e9tation musicale<br \/>\n&#8211; l&rsquo;improvisation<br \/>\n&#8211; le silence<br \/>\n&#8211; le rapport \u00e0 la sc\u00e8ne<br \/>\n&#8211; les relations humaines<\/strong><\/p>\n<p style=\"padding-left: 60px;\"><strong><em>OBJECTIFS<\/em> :<\/strong><\/p>\n<p style=\"padding-left: 90px;\"><strong>&#8211; vivre un moment de proximit\u00e9 avec deux artistes<br \/>\n&#8211; d\u00e9couvrir leur fa\u00e7on de travailler et de cr\u00e9er<br \/>\n&#8211; faire l&rsquo;exp\u00e9rience de sensations surprenantes<br \/>\n&#8211; \u00e9veiller sa curiosit\u00e9<br \/>\n&#8211; \u00e9largir ses horizons \u00e9motionnels<br \/>\n&#8211; se laisser prendre au jeu !<br \/>\n<\/strong><\/p>\n<h2><img loading=\"lazy\" decoding=\"async\" style=\"border: 2px solid black; margin: 0.5px;\" title=\"duo VOYAGES IMMOBILES - ateliers\" src=\"http:\/\/francoiserenaud.com\/vo\/wp-content\/uploads\/2011\/12\/mainsFRED1.jpg\" alt=\"\" width=\"100\" height=\"100\" \/> <img loading=\"lazy\" decoding=\"async\" style=\"border: 2px solid black; margin: 0.5px;\" title=\"duo VOYAGES IMMOBILES - ateliers\" src=\"http:\/\/francoiserenaud.com\/vo\/wp-content\/uploads\/2011\/12\/mainsFR1.jpg\" alt=\"\" width=\"100\" height=\"100\" \/> <img loading=\"lazy\" decoding=\"async\" style=\"border: 2px solid black; margin: 0.5px;\" title=\"duo VOYAGES IMMOBILES - ateliers\" src=\"http:\/\/francoiserenaud.com\/vo\/wp-content\/uploads\/2011\/12\/mainsFRED5.jpg\" alt=\"\" width=\"100\" height=\"100\" \/> <img loading=\"lazy\" decoding=\"async\" style=\"border: 2px solid black; margin: 0.5px;\" title=\"duo VOYAGES IMMOBILES - ateliers\" src=\"http:\/\/francoiserenaud.com\/vo\/wp-content\/uploads\/2011\/12\/mainsFR3.jpg\" alt=\"\" width=\"100\" height=\"100\" \/><\/h2>\n<h2 style=\"text-align: justify;\"><span style=\"text-decoration: underline;\">ATELIERS DE SENSIBILISATION<\/span><\/h2>\n<p style=\"margin-top: 20px; text-align: justify;\"><span style=\"color: #d2822d;\"><strong><em>Une invitation \u00e0 ressentir \u00e0 travers les mots et les sons. <\/em><\/strong><\/span><br \/>\n<span style=\"color: #d2822d;\"><strong><em>Une initiation aux arts r\u00e9unis de la musique et de la litt\u00e9rature.<\/em><\/strong><\/span><\/p>\n<p style=\"padding-left: 30px; text-align: justify;\"><strong><span style=\"color: #0080ab;\"><em>MODALIT\u00c9S :<\/em><\/span><\/strong> coanim\u00e9s par l&rsquo;\u00e9crivain et le musicien (de 10 \u00e0 30 participants)<br \/>\n<span style=\"color: #0080ab;\"><strong><em>DUR\u00c9E :<\/em><\/strong><\/span> de 1 \u00e0 2 h selon le public et le contexte<br \/>\n<strong><span style=\"color: #0080ab;\"><em>PUBLIC CONCERN\u00c9 :<\/em><\/span><\/strong> tout public &#8211; adolescents et\/ou adultes<br \/>\n<span style=\"color: #0080ab;\"><strong><em>LIEUX :<\/em><\/strong><\/span> lieux culturels, m\u00e9diath\u00e8ques, \u00e9tablissements d&rsquo;\u00e9ducation, associations artistiques, festivals<br \/>\n<span style=\"color: #0080ab;\"><strong><em>TH\u00c8MES :<\/em><\/strong><\/span> propos\u00e9s par les artistes \u00e0 l&rsquo;occasion d&rsquo;une lecture-concert ou choisis en concertation avec les responsables des lieux d&rsquo;accueil. Quelques exemples : <strong>\u00ab <em>La joie et la tristesse \u00bb <\/em><\/strong><em>\u2013<\/em><strong><em> \u00ab Mondes sauvages et civilis\u00e9s \u00bb <\/em><\/strong><em>\u2013 <\/em><strong><em>\u00ab Parents et fratries \u00bb \u2013 \u00abL&rsquo;amour et l&rsquo;amiti\u00e9 \u00bb\u2026<\/em><\/strong><\/p>\n<h2 style=\"text-align: justify;\"><span style=\"text-decoration: underline;\">ATELIERS DE CR\u00c9ATION<\/span><\/h2>\n<p style=\"margin-top: 20px; text-align: justify;\"><span style=\"color: #d2822d;\"><strong><em>Un apprentissage depuis l&rsquo;\u00e9criture jusqu&rsquo;\u00e0 la lecture, depuis la composition jusqu&rsquo;\u00e0 l&rsquo;interpr\u00e9tation <\/em><\/strong><\/span><\/p>\n<p style=\"padding-left: 30px; text-align: justify;\"><strong>&#8211; \u00c9crire un texte<br \/>\n&#8211; Lire un texte en public<br \/>\n&#8211; Cr\u00e9er une musique<br \/>\n&#8211; Cr\u00e9er un espace sonore, interpr\u00e9ter une musique, improviser<br \/>\n&#8211; Produire une lecture-concert en public<\/strong><\/p>\n<p style=\"margin-top: 40px; padding-left: 30px; text-align: justify;\"><span style=\"color: #0080ab;\"><strong><em>MODALIT\u00c9S :<\/em><\/strong><\/span> ateliers anim\u00e9s s\u00e9par\u00e9ment par l&rsquo;\u00e9crivain et le musicien (de 5 \u00e0 15 participants), suivis selon le cas d&rsquo;un atelier collectif coanim\u00e9 (de 10 \u00e0 30 participants)<br \/>\n<span style=\"color: #0080ab;\"><strong><em>DUR\u00c9E : <\/em><\/strong><\/span> \u00e0 partir d&rsquo;une demi-journ\u00e9e (3 h)<br \/>\n<em><span style=\"color: #0080ab;\"><strong>FORMULES : <\/strong><\/span><\/em>1) en atelier isol\u00e9 &#8211; 2) en ateliers p\u00e9riodiques (hebdomadaires ou mensuels) &#8211; 3) sur plusieurs jours en formule <em>r\u00e9sidence<\/em><br \/>\n<span style=\"color: #0080ab;\"><strong><em>LIEUX :<\/em><\/strong><\/span> lieux culturels, m\u00e9diath\u00e8ques, \u00e9tablissements d&rsquo;\u00e9ducation, associations artistiques, festivals<br \/>\n<em><span style=\"color: #0080ab;\"><strong>PUBLIC CONCERN\u00c9 :<\/strong><\/span><\/em><br \/>\n&#8211; <strong><em>Workshops<\/em><\/strong> : adolescents et\/ou adultes ayant une pratique d\u00e9butante ou avanc\u00e9e de l\u2019\u00e9criture, du th\u00e9\u00e2tre ou de la musique<br \/>\n&#8211; <strong><em>Master classes<\/em><\/strong> : artistes, enseignants ou professionnels de la culture<\/p>\n<h2 style=\"text-align: justify;\"><img loading=\"lazy\" decoding=\"async\" style=\"border: 2px solid black; margin: 0.5px;\" title=\"duo VOYAGES IMMOBILES - ateliers\" src=\"http:\/\/francoiserenaud.com\/vo\/wp-content\/uploads\/2011\/12\/mainsFRED6.jpg\" alt=\"\" width=\"100\" height=\"100\" \/> <img loading=\"lazy\" decoding=\"async\" style=\"border: 2px solid black; margin: 0.5px;\" title=\"duo VOYAGES IMMOBILES - ateliers\" src=\"http:\/\/francoiserenaud.com\/vo\/wp-content\/uploads\/2011\/12\/mainsFR1.jpg\" alt=\"\" width=\"100\" height=\"100\" \/> <img loading=\"lazy\" decoding=\"async\" style=\"border: 2px solid black; margin: 0.5px;\" title=\"duo VOYAGES IMMOBILES - ateliers\" src=\"http:\/\/francoiserenaud.com\/vo\/wp-content\/uploads\/2011\/12\/mainsFRED3.jpg\" alt=\"\" width=\"100\" height=\"100\" \/> <img loading=\"lazy\" decoding=\"async\" style=\"border: 2px solid black; margin: 0.5px;\" title=\"duo VOYAGES IMMOBILES - ateliers\" src=\"http:\/\/francoiserenaud.com\/vo\/wp-content\/uploads\/2011\/12\/mainsFR5.jpg\" alt=\"\" width=\"100\" height=\"100\" \/><\/h2>\n<h2 style=\"text-align: justify;\"><span style=\"text-decoration: underline;\">RENCONTRES<\/span><\/h2>\n<p style=\"text-align: justify;\"><span style=\"color: #d2822d;\"><strong><em>D\u00e9couvrir l&rsquo;univers de deux artistes : leur mode d&rsquo;expression, leur dimension humaine, leur regard original sur le monde.<\/em><\/strong><\/span><br \/>\n<span style=\"color: #d2822d;\"><strong><em>Approcher les relations intimes et subtiles entre \u00e9criture et musique.<\/em><\/strong><\/span><\/p>\n<p style=\"text-align: right;\">DUR\u00c9E INDICATIVE : 1 h &#8211; Pour adultes<\/p>\n<p style=\"text-align: right;\"><em>UN TEMPS <em> DE RENCONTRE ET <\/em>D\u2019\u00c9CHANGE AVEC LE PUBLIC EST OFFERT PAR LES ARTISTES A L&rsquo;ISSUE DE CHAQUE <a href=\"..\/notre-repertoire\/\"><strong>LECTURE-CONCERT<\/strong><\/a>.<\/em><\/p>\n<p style=\"margin-top: 50px; text-align: right;\"><span style=\"color: #0080ab;\">INFORMATIONS &amp; DEVIS<br \/>\n<strong><a title=\"livremus@free.fr\" href=\"mailto:livremus@free.fr\">livremus<\/a><\/strong>(at)<strong>free.fr<br \/>\nFr\u00e9d\u00e9ric Tari : 06 08 78 89 90<br \/>\nFran\u00e7oise Renaud : 09 84 39 64 26<\/strong><\/span><\/p>\n","protected":false},"excerpt":{"rendered":"<p>DISCIPLINES : le texte et la musique CHAMPS D&rsquo;EXPLORATION : &#8211; l&rsquo;\u00e9criture &#8211; la composition &#8211; la lecture &#8211; l&rsquo;interpr\u00e9tation musicale &#8211; l&rsquo;improvisation &#8211; le silence &#8211; le rapport \u00e0 la sc\u00e8ne &#8211; les relations humaines OBJECTIFS : &#8211; vivre un moment de proximit\u00e9 avec deux artistes &#8211; d\u00e9couvrir leur fa\u00e7on de travailler et de [&hellip;]<\/p>\n","protected":false},"author":1,"featured_media":0,"parent":0,"menu_order":2,"comment_status":"closed","ping_status":"closed","template":"","meta":{"footnotes":""},"class_list":["post-15","page","type-page","status-publish","hentry"],"_links":{"self":[{"href":"https:\/\/francoiserenaud.com\/vo\/wp-json\/wp\/v2\/pages\/15","targetHints":{"allow":["GET"]}}],"collection":[{"href":"https:\/\/francoiserenaud.com\/vo\/wp-json\/wp\/v2\/pages"}],"about":[{"href":"https:\/\/francoiserenaud.com\/vo\/wp-json\/wp\/v2\/types\/page"}],"author":[{"embeddable":true,"href":"https:\/\/francoiserenaud.com\/vo\/wp-json\/wp\/v2\/users\/1"}],"replies":[{"embeddable":true,"href":"https:\/\/francoiserenaud.com\/vo\/wp-json\/wp\/v2\/comments?post=15"}],"version-history":[{"count":22,"href":"https:\/\/francoiserenaud.com\/vo\/wp-json\/wp\/v2\/pages\/15\/revisions"}],"predecessor-version":[{"id":699,"href":"https:\/\/francoiserenaud.com\/vo\/wp-json\/wp\/v2\/pages\/15\/revisions\/699"}],"wp:attachment":[{"href":"https:\/\/francoiserenaud.com\/vo\/wp-json\/wp\/v2\/media?parent=15"}],"curies":[{"name":"wp","href":"https:\/\/api.w.org\/{rel}","templated":true}]}}